{"id":108,"date":"2024-09-16T23:16:47","date_gmt":"2024-09-17T03:16:47","guid":{"rendered":"https:\/\/staging.mxnumerique.ca\/?page_id=108"},"modified":"2026-02-07T23:53:33","modified_gmt":"2026-02-08T04:53:33","slug":"montagne","status":"publish","type":"page","link":"https:\/\/petitchamonix.com\/2026\/montagne\/","title":{"rendered":"Montagne"},"content":{"rendered":"<p>[et_pb_section fb_built=\u00a0\u00bb1&Prime; admin_label=\u00a0\u00bbHeader\u00a0\u00bb _builder_version=\u00a0\u00bb4.27.2&Prime; _module_preset=\u00a0\u00bbdefault\u00a0\u00bb background_image=\u00a0\u00bbhttps:\/\/petitchamonix.com\/2026\/wp-content\/uploads\/2024\/11\/98-Banque-photos_Petit-Chamonix-2-85.jpeg\u00a0\u00bb background_position=\u00a0\u00bbbottom_center\u00a0\u00bb custom_padding=\u00a0\u00bb8vw||0px||false|false\u00a0\u00bb collapsed=\u00a0\u00bbon\u00a0\u00bb global_colors_info=\u00a0\u00bb{}\u00a0\u00bb][et_pb_row custom_padding_last_edited=\u00a0\u00bbon|desktop\u00a0\u00bb _builder_version=\u00a0\u00bb4.27.2&Prime; _module_preset=\u00a0\u00bbdefault\u00a0\u00bb background_enable_color=\u00a0\u00bboff\u00a0\u00bb background_image=\u00a0\u00bbhttps:\/\/petitchamonix.com\/2026\/wp-content\/uploads\/2025\/12\/header-2-9-scaled.png\u00a0\u00bb background_position=\u00a0\u00bbbottom_center\u00a0\u00bb background_blend=\u00a0\u00bboverlay\u00a0\u00bb custom_padding=\u00a0\u00bb33px|60px|33px|60px|true|true\u00a0\u00bb custom_padding_tablet=\u00a0\u00bb30px|30px|30px|60px|true|false\u00a0\u00bb custom_padding_phone=\u00a0\u00bb20px|20px|20px|40px|true|false\u00a0\u00bb border_radii=\u00a0\u00bboff|30px|30px||\u00a0\u00bb global_colors_info=\u00a0\u00bb{%22gcid-a9d8e14e-2f78-408a-a83c-506939196b52%22:%91%22background_color%22%93}\u00a0\u00bb][et_pb_column type=\u00a0\u00bb4_4&Prime; _builder_version=\u00a0\u00bb4.27.2&Prime; _module_preset=\u00a0\u00bbdefault\u00a0\u00bb background_enable_image=\u00a0\u00bboff\u00a0\u00bb parallax=\u00a0\u00bbon\u00a0\u00bb global_colors_info=\u00a0\u00bb{}\u00a0\u00bb][et_pb_text _builder_version=\u00a0\u00bb4.27.2&Prime; _module_preset=\u00a0\u00bb588b4f67-9b5f-4cad-8698-daa9003c35dc\u00a0\u00bb text_font=\u00a0\u00bb|||||on|||\u00a0\u00bb header_text_color=\u00a0\u00bb#FFFFFF\u00a0\u00bb global_colors_info=\u00a0\u00bb{}\u00a0\u00bb]<\/p>\n<h1 style=\"text-align: center;\">La montagne<\/h1>\n<p>[\/et_pb_text][\/et_pb_column][\/et_pb_row][\/et_pb_section][et_pb_section fb_built=\u00a0\u00bb1&Prime; admin_label=\u00a0\u00bbFeatures\u00a0\u00bb _builder_version=\u00a0\u00bb4.27.2&Prime; _module_preset=\u00a0\u00bbdefault\u00a0\u00bb use_background_color_gradient=\u00a0\u00bbon\u00a0\u00bb background_color_gradient_direction=\u00a0\u00bb90deg\u00a0\u00bb background_color_gradient_stops=\u00a0\u00bbgcid-a9d8e14e-2f78-408a-a83c-506939196b52 50%|#000000 50%\u00a0\u00bb custom_padding=\u00a0\u00bb0px||0px||true|false\u00a0\u00bb border_width_all=\u00a0\u00bb4px\u00a0\u00bb border_color_all=\u00a0\u00bb#FFFFFF\u00a0\u00bb collapsed=\u00a0\u00bbon\u00a0\u00bb global_colors_info=\u00a0\u00bb{}\u00a0\u00bb][et_pb_row column_structure=\u00a0\u00bb1_3,1_3,1_3&Prime; use_custom_gutter=\u00a0\u00bbon\u00a0\u00bb gutter_width=\u00a0\u00bb1&Prime; make_equal=\u00a0\u00bbon\u00a0\u00bb _builder_version=\u00a0\u00bb4.27.2&Prime; _module_preset=\u00a0\u00bbdefault\u00a0\u00bb background_color=\u00a0\u00bb#96B438&Prime; width=\u00a0\u00bb91%\u00a0\u00bb custom_padding=\u00a0\u00bb0px||0px||true|false\u00a0\u00bb locked=\u00a0\u00bboff\u00a0\u00bb global_colors_info=\u00a0\u00bb{}\u00a0\u00bb][et_pb_column type=\u00a0\u00bb1_3&Prime; _builder_version=\u00a0\u00bb4.19.1&Prime; _module_preset=\u00a0\u00bbdefault\u00a0\u00bb background_color=\u00a0\u00bbgcid-a9d8e14e-2f78-408a-a83c-506939196b52&Prime; custom_padding=\u00a0\u00bb50px|50px|50px||true|false\u00a0\u00bb custom_padding_tablet=\u00a0\u00bb30px|30px|30px|30px|true|true\u00a0\u00bb custom_padding_phone=\u00a0\u00bb20px|20px|20px|20px|true|true\u00a0\u00bb custom_padding_last_edited=\u00a0\u00bbon|tablet\u00a0\u00bb global_colors_info=\u00a0\u00bb{%22gcid-a9d8e14e-2f78-408a-a83c-506939196b52%22:%91%22background_color%22%93}\u00a0\u00bb][et_pb_blurb title=\u00a0\u00bbAccumulation de neige\u00a0\u00bb use_icon=\u00a0\u00bbon\u00a0\u00bb font_icon=\u00a0\u00bb&#xf2dc;||fa||900&Prime; _builder_version=\u00a0\u00bb4.27.5&Prime; _dynamic_attributes=\u00a0\u00bblink_option_url\u00a0\u00bb _module_preset=\u00a0\u00bba25253d6-ad70-493a-acec-031ba31580b0&Prime; header_font=\u00a0\u00bbSource Sans Pro|600||||on|||\u00a0\u00bb header_font_size=\u00a0\u00bb30px\u00a0\u00bb text_orientation=\u00a0\u00bbcenter\u00a0\u00bb link_option_url=\u00a0\u00bb@ET-DC@eyJkeW5hbWljIjp0cnVlLCJjb250ZW50IjoicG9zdF9saW5rX3VybF9wYWdlIiwic2V0dGluZ3MiOnsicG9zdF9pZCI6IjQzNSJ9fQ==@\u00a0\u00bb locked=\u00a0\u00bboff\u00a0\u00bb global_colors_info=\u00a0\u00bb{}\u00a0\u00bb][\/et_pb_blurb][\/et_pb_column][et_pb_column type=\u00a0\u00bb1_3&Prime; _builder_version=\u00a0\u00bb4.27.2&Prime; _module_preset=\u00a0\u00bbdefault\u00a0\u00bb background_color=\u00a0\u00bb#96B438&Prime; custom_padding=\u00a0\u00bb50px|50px|50px|50px|true|true\u00a0\u00bb custom_padding_tablet=\u00a0\u00bb30px|30px|30px|30px|true|true\u00a0\u00bb custom_padding_phone=\u00a0\u00bb20px|20px|20px|20px|true|true\u00a0\u00bb custom_padding_last_edited=\u00a0\u00bbon|tablet\u00a0\u00bb link_option_url=\u00a0\u00bbhttp:\/\/www.maneige.com\/fr\/planifiez-votre-sortie\/groupes-scolaires.html\u00a0\u00bb link_option_url_new_window=\u00a0\u00bbon\u00a0\u00bb global_colors_info=\u00a0\u00bb{}\u00a0\u00bb][et_pb_blurb title=\u00a0\u00bbConditions des pistes\u00a0\u00bb url=\u00a0\u00bb#conditions\u00a0\u00bb use_icon=\u00a0\u00bbon\u00a0\u00bb font_icon=\u00a0\u00bb&#xf7d2;||fa||900&Prime; _builder_version=\u00a0\u00bb4.27.5&Prime; _module_preset=\u00a0\u00bba25253d6-ad70-493a-acec-031ba31580b0&Prime; header_font=\u00a0\u00bbSource Sans Pro|600||||on|||\u00a0\u00bb header_font_size=\u00a0\u00bb30px\u00a0\u00bb text_orientation=\u00a0\u00bbcenter\u00a0\u00bb link_option_url=\u00a0\u00bbhttps:\/\/petitchamonix.com\/2026\/conditions-des-pentes\/\u00a0\u00bb locked=\u00a0\u00bboff\u00a0\u00bb global_colors_info=\u00a0\u00bb{}\u00a0\u00bb][\/et_pb_blurb][\/et_pb_column][et_pb_column type=\u00a0\u00bb1_3&Prime; _builder_version=\u00a0\u00bb4.27.0&Prime; _module_preset=\u00a0\u00bbdefault\u00a0\u00bb background_color=\u00a0\u00bb#000000&Prime; custom_padding=\u00a0\u00bb50px||50px|50px|true|false\u00a0\u00bb custom_padding_tablet=\u00a0\u00bb30px|30px|30px|30px|true|true\u00a0\u00bb custom_padding_phone=\u00a0\u00bb20px|20px|20px|20px|true|true\u00a0\u00bb custom_padding_last_edited=\u00a0\u00bbon|tablet\u00a0\u00bb link_option_url=\u00a0\u00bbmailto:info@petitchamonix.com\u00a0\u00bb link_option_url_new_window=\u00a0\u00bbon\u00a0\u00bb global_colors_info=\u00a0\u00bb{}\u00a0\u00bb][et_pb_blurb title=\u00a0\u00bbConditions m\u00e9t\u00e9o\u00a0\u00bb use_icon=\u00a0\u00bbon\u00a0\u00bb font_icon=\u00a0\u00bb&#xf743;||fa||900&Prime; _builder_version=\u00a0\u00bb4.27.2&Prime; _module_preset=\u00a0\u00bba25253d6-ad70-493a-acec-031ba31580b0&Prime; header_font=\u00a0\u00bbSource Sans Pro|600||||on|||\u00a0\u00bb header_font_size=\u00a0\u00bb30px\u00a0\u00bb text_orientation=\u00a0\u00bbcenter\u00a0\u00bb link_option_url=\u00a0\u00bbhttps:\/\/www.meteomedia.com\/fr\/ville\/ca\/quebec\/matapedia\/actuelle\u00a0\u00bb locked=\u00a0\u00bboff\u00a0\u00bb global_colors_info=\u00a0\u00bb{}\u00a0\u00bb][\/et_pb_blurb][\/et_pb_column][\/et_pb_row][\/et_pb_section][et_pb_section fb_built=\u00a0\u00bb1&Prime; admin_label=\u00a0\u00bbAbout\u00a0\u00bb _builder_version=\u00a0\u00bb4.19.1&Prime; _module_preset=\u00a0\u00bbdefault\u00a0\u00bb collapsed=\u00a0\u00bbon\u00a0\u00bb global_colors_info=\u00a0\u00bb{}\u00a0\u00bb][et_pb_row column_structure=\u00a0\u00bb3_5,2_5&Prime; _builder_version=\u00a0\u00bb4.27.0&Prime; _module_preset=\u00a0\u00bbdefault\u00a0\u00bb max_width=\u00a0\u00bb1053px\u00a0\u00bb global_colors_info=\u00a0\u00bb{}\u00a0\u00bb][et_pb_column type=\u00a0\u00bb3_5&Prime; _builder_version=\u00a0\u00bb4.19.1&Prime; _module_preset=\u00a0\u00bbdefault\u00a0\u00bb global_colors_info=\u00a0\u00bb{}\u00a0\u00bb][et_pb_text _builder_version=\u00a0\u00bb4.27.2&Prime; _module_preset=\u00a0\u00bb7dbaeaaf-5dde-413c-8a89-9658d42c7d37&Prime; text_font=\u00a0\u00bb|||||on|||\u00a0\u00bb global_colors_info=\u00a0\u00bb{}\u00a0\u00bb]<\/p>\n<h2>Donn\u00e9es techniques<\/h2>\n<p>[\/et_pb_text][et_pb_text _builder_version=\u00a0\u00bb4.27.2&Prime; _module_preset=\u00a0\u00bb9cf5af04-d662-434a-981b-1cd50f9c7667&Prime; global_colors_info=\u00a0\u00bb{}\u00a0\u00bb]<\/p>\n<p style=\"text-align: justify;\">La montagne propose <strong>13 pistes<\/strong>, dont <strong>deux parcs \u00e0 neige<\/strong> pour les amateurs et amatrices de rampes et modules, en plus des minis modules pour les 2 \u00e0 6 ans. <strong>Orient\u00e9e sud-est<\/strong>, elle b\u00e9n\u00e9ficie d&rsquo;un ensoleillement optimal pour profiter des conditions de glisse. Les pistes sont adapt\u00e9es \u00e0 tous les niveaux <strong>avec trois faciles, cinq interm\u00e9diaires et cinq difficiles<\/strong>, offrant ainsi une diversit\u00e9 de d\u00e9fis et de possibilit\u00e9s.<\/p>\n<p style=\"text-align: justify;\">Offrant une <strong>d\u00e9nivellation de 150 m\u00e8tres<\/strong>, la montagne garantit des descentes agr\u00e9ables, accessibles et s\u00e9curitaires. Environ <strong>80 % du domaine skiable fait l\u2019objet d\u2019un entretien m\u00e9canique r\u00e9gulier<\/strong>\u00a0pour assurer d\u2019excellentes conditions de glisse. <strong>Deux remont\u00e9es m\u00e9caniques de type t-bar<\/strong> permettent d\u2019acc\u00e9der au sommet. De plus, l&rsquo;<strong>enneigement est enti\u00e8rement naturel <\/strong>pour une exp\u00e9rience authentique au coeur d&rsquo;un village champ\u00eatre.<\/p>\n<p>[\/et_pb_text][\/et_pb_column][et_pb_column type=\u00a0\u00bb2_5&Prime; _builder_version=\u00a0\u00bb4.19.1&Prime; _module_preset=\u00a0\u00bbdefault\u00a0\u00bb global_colors_info=\u00a0\u00bb{}\u00a0\u00bb][et_pb_image src=\u00a0\u00bbhttps:\/\/petitchamonix.com\/2026\/wp-content\/uploads\/2024\/09\/49-Banque-photos_Petit-Chamonix-2-51.jpg\u00a0\u00bb title_text=\u00a0\u00bb49-Banque photos_Petit Chamonix-2-51&Prime; _builder_version=\u00a0\u00bb4.27.0&Prime; _module_preset=\u00a0\u00bbdefault\u00a0\u00bb width=\u00a0\u00bb100%\u00a0\u00bb border_radii=\u00a0\u00bbon|30px|30px|30px|30px\u00a0\u00bb global_colors_info=\u00a0\u00bb{}\u00a0\u00bb][\/et_pb_image][\/et_pb_column][\/et_pb_row][\/et_pb_section][et_pb_section fb_built=\u00a0\u00bb1&Prime; admin_label=\u00a0\u00bbCourses\u00a0\u00bb _builder_version=\u00a0\u00bb4.27.0&Prime; _module_preset=\u00a0\u00bbdefault\u00a0\u00bb background_color=\u00a0\u00bb#FFFFFF\u00a0\u00bb collapsed=\u00a0\u00bbon\u00a0\u00bb global_colors_info=\u00a0\u00bb{}\u00a0\u00bb][et_pb_row column_structure=\u00a0\u00bb1_2,1_2&Prime; _builder_version=\u00a0\u00bb4.19.1&Prime; _module_preset=\u00a0\u00bbdefault\u00a0\u00bb global_colors_info=\u00a0\u00bb{}\u00a0\u00bb][et_pb_column type=\u00a0\u00bb1_2&Prime; _builder_version=\u00a0\u00bb4.19.1&Prime; _module_preset=\u00a0\u00bbdefault\u00a0\u00bb global_colors_info=\u00a0\u00bb{}\u00a0\u00bb][et_pb_text _builder_version=\u00a0\u00bb4.27.2&Prime; _module_preset=\u00a0\u00bb70b6c185-96ff-4802-8f4b-b2d2a33f2289&Prime; global_colors_info=\u00a0\u00bb{}\u00a0\u00bb]<\/p>\n<h2>Code de conduite<\/h2>\n<p>[\/et_pb_text][\/et_pb_column][et_pb_column type=\u00a0\u00bb1_2&Prime; _builder_version=\u00a0\u00bb4.19.1&Prime; _module_preset=\u00a0\u00bbdefault\u00a0\u00bb global_colors_info=\u00a0\u00bb{}\u00a0\u00bb][\/et_pb_column][\/et_pb_row][et_pb_row column_structure=\u00a0\u00bb1_2,1_2&Prime; _builder_version=\u00a0\u00bb4.19.1&Prime; _module_preset=\u00a0\u00bbdefault\u00a0\u00bb global_colors_info=\u00a0\u00bb{}\u00a0\u00bb][et_pb_column type=\u00a0\u00bb1_2&Prime; _builder_version=\u00a0\u00bb4.19.1&Prime; _module_preset=\u00a0\u00bbdefault\u00a0\u00bb global_colors_info=\u00a0\u00bb{}\u00a0\u00bb][et_pb_blurb title=\u00a0\u00bbLa r\u00e8gle d\u2019or, le contr\u00f4le\u00a0\u00bb image=\u00a0\u00bbhttps:\/\/petitchamonix.com\/2026\/wp-content\/uploads\/2024\/09\/code-conduite-1.png\u00a0\u00bb image_icon_width=\u00a0\u00bb200%\u00a0\u00bb _builder_version=\u00a0\u00bb4.27.0&Prime; _module_preset=\u00a0\u00bbaf9b17bd-0a63-4b52-a453-8628efd381b4&Prime; header_font_size=\u00a0\u00bb24px\u00a0\u00bb body_text_color=\u00a0\u00bbgcid-a9d8e14e-2f78-408a-a83c-506939196b52&Prime; body_font_size=\u00a0\u00bb18px\u00a0\u00bb locked=\u00a0\u00bboff\u00a0\u00bb global_colors_info=\u00a0\u00bb{%22gcid-a9d8e14e-2f78-408a-a83c-506939196b52%22:%91%22body_text_color%22%93}\u00a0\u00bb]<\/p>\n<p><span>Conservez la ma\u00eetrise de votre vitesse et de votre direction. Assurez-vous d\u2019\u00eatre en mesure d\u2019arr\u00eater et d\u2019\u00e9viter toute personne ou obstacle.<\/span><\/p>\n<p>[\/et_pb_blurb][\/et_pb_column][et_pb_column type=\u00a0\u00bb1_2&Prime; _builder_version=\u00a0\u00bb4.27.0&Prime; _module_preset=\u00a0\u00bbdefault\u00a0\u00bb global_colors_info=\u00a0\u00bb{}\u00a0\u00bb][et_pb_blurb title=\u00a0\u00bbPriorit\u00e9 aux personnes qui vous pr\u00e9c\u00e8dent\u00a0\u00bb image=\u00a0\u00bbhttps:\/\/petitchamonix.com\/2026\/wp-content\/uploads\/2024\/09\/code-conduite-2.png\u00a0\u00bb image_icon_width=\u00a0\u00bb200%\u00a0\u00bb _builder_version=\u00a0\u00bb4.27.0&Prime; _module_preset=\u00a0\u00bbaf9b17bd-0a63-4b52-a453-8628efd381b4&Prime; header_font_size=\u00a0\u00bb24px\u00a0\u00bb body_text_color=\u00a0\u00bbgcid-a9d8e14e-2f78-408a-a83c-506939196b52&Prime; body_font_size=\u00a0\u00bb18px\u00a0\u00bb locked=\u00a0\u00bboff\u00a0\u00bb global_colors_info=\u00a0\u00bb{%22gcid-a9d8e14e-2f78-408a-a83c-506939196b52%22:%91%22body_text_color%22%93}\u00a0\u00bb]<\/p>\n<p><span>C\u00e9dez la priorit\u00e9 aux personnes en aval (plus bas) et empruntez une direction qui assure leur s\u00e9curit\u00e9.<\/span><\/p>\n<p>[\/et_pb_blurb][\/et_pb_column][\/et_pb_row][et_pb_row column_structure=\u00a0\u00bb1_2,1_2&Prime; _builder_version=\u00a0\u00bb4.19.1&Prime; _module_preset=\u00a0\u00bbdefault\u00a0\u00bb global_colors_info=\u00a0\u00bb{}\u00a0\u00bb][et_pb_column type=\u00a0\u00bb1_2&Prime; _builder_version=\u00a0\u00bb4.19.1&Prime; _module_preset=\u00a0\u00bbdefault\u00a0\u00bb global_colors_info=\u00a0\u00bb{}\u00a0\u00bb][et_pb_blurb title=\u00a0\u00bbLib\u00e9rez la piste\u00a0\u00bb image=\u00a0\u00bbhttps:\/\/petitchamonix.com\/2026\/wp-content\/uploads\/2024\/09\/code-conduite-3.png\u00a0\u00bb image_icon_width=\u00a0\u00bb200%\u00a0\u00bb _builder_version=\u00a0\u00bb4.27.0&Prime; _module_preset=\u00a0\u00bbaf9b17bd-0a63-4b52-a453-8628efd381b4&Prime; header_font_size=\u00a0\u00bb24px\u00a0\u00bb body_text_color=\u00a0\u00bbgcid-a9d8e14e-2f78-408a-a83c-506939196b52&Prime; body_font_size=\u00a0\u00bb18px\u00a0\u00bb locked=\u00a0\u00bboff\u00a0\u00bb global_colors_info=\u00a0\u00bb{%22gcid-a9d8e14e-2f78-408a-a83c-506939196b52%22:%91%22body_text_color%22%93}\u00a0\u00bb]<\/p>\n<p><span>Arr\u00eatez dans une piste uniquement si vous \u00eates visible des personnes en amont (plus haut) et si vous n\u2019obstruez pas la piste.<\/span><\/p>\n<p>[\/et_pb_blurb][\/et_pb_column][et_pb_column type=\u00a0\u00bb1_2&Prime; _builder_version=\u00a0\u00bb4.27.0&Prime; _module_preset=\u00a0\u00bbdefault\u00a0\u00bb global_colors_info=\u00a0\u00bb{}\u00a0\u00bb][et_pb_blurb title=\u00a0\u00bbAux intersections, priorit\u00e9 aux personnes plus haut\u00a0\u00bb image=\u00a0\u00bbhttps:\/\/petitchamonix.com\/2026\/wp-content\/uploads\/2024\/09\/code-conduite-4.png\u00a0\u00bb image_icon_width=\u00a0\u00bb200%\u00a0\u00bb _builder_version=\u00a0\u00bb4.27.0&Prime; _module_preset=\u00a0\u00bbaf9b17bd-0a63-4b52-a453-8628efd381b4&Prime; header_font_size=\u00a0\u00bb24px\u00a0\u00bb body_text_color=\u00a0\u00bbgcid-a9d8e14e-2f78-408a-a83c-506939196b52&Prime; body_font_size=\u00a0\u00bb18px\u00a0\u00bb locked=\u00a0\u00bboff\u00a0\u00bb global_colors_info=\u00a0\u00bb{%22gcid-a9d8e14e-2f78-408a-a83c-506939196b52%22:%91%22body_text_color%22%93}\u00a0\u00bb]<\/p>\n<p><span>C\u00e9dez le passage aux personnes en amont (plus haut) lorsque vous vous engagez dans une piste de m\u00eame qu\u2019aux intersections.<\/span><\/p>\n<p>[\/et_pb_blurb][\/et_pb_column][\/et_pb_row][et_pb_row column_structure=\u00a0\u00bb1_2,1_2&Prime; _builder_version=\u00a0\u00bb4.19.1&Prime; _module_preset=\u00a0\u00bbdefault\u00a0\u00bb global_colors_info=\u00a0\u00bb{}\u00a0\u00bb][et_pb_column type=\u00a0\u00bb1_2&Prime; _builder_version=\u00a0\u00bb4.19.1&Prime; _module_preset=\u00a0\u00bbdefault\u00a0\u00bb global_colors_info=\u00a0\u00bb{}\u00a0\u00bb][et_pb_blurb title=\u00a0\u00bbAidez les secouristes\u00a0\u00bb image=\u00a0\u00bbhttps:\/\/petitchamonix.com\/2026\/wp-content\/uploads\/2024\/09\/code-conduite-5.png\u00a0\u00bb image_icon_width=\u00a0\u00bb200%\u00a0\u00bb _builder_version=\u00a0\u00bb4.27.0&Prime; _module_preset=\u00a0\u00bbaf9b17bd-0a63-4b52-a453-8628efd381b4&Prime; header_font_size=\u00a0\u00bb24px\u00a0\u00bb body_text_color=\u00a0\u00bbgcid-a9d8e14e-2f78-408a-a83c-506939196b52&Prime; body_font_size=\u00a0\u00bb18px\u00a0\u00bb locked=\u00a0\u00bboff\u00a0\u00bb global_colors_info=\u00a0\u00bb{%22gcid-a9d8e14e-2f78-408a-a83c-506939196b52%22:%91%22body_text_color%22%93}\u00a0\u00bb]<\/p>\n<p><span>Si vous \u00eates impliqu\u00e9 dans un accident ou en \u00eates t\u00e9moin, demeurez sur les lieux et identifiez-vous \u00e0 un secouriste<\/span><\/p>\n<p>[\/et_pb_blurb][\/et_pb_column][et_pb_column type=\u00a0\u00bb1_2&Prime; _builder_version=\u00a0\u00bb4.27.0&Prime; _module_preset=\u00a0\u00bbdefault\u00a0\u00bb global_colors_info=\u00a0\u00bb{}\u00a0\u00bb][et_pb_blurb title=\u00a0\u00bbNon \u00e0 l\u2019\u00e9quipement en folie\u00a0\u00bb image=\u00a0\u00bbhttps:\/\/petitchamonix.com\/2026\/wp-content\/uploads\/2024\/09\/code-conduite-6.png\u00a0\u00bb image_icon_width=\u00a0\u00bb200%\u00a0\u00bb _builder_version=\u00a0\u00bb4.27.0&Prime; _module_preset=\u00a0\u00bbaf9b17bd-0a63-4b52-a453-8628efd381b4&Prime; header_font_size=\u00a0\u00bb24px\u00a0\u00bb body_text_color=\u00a0\u00bbgcid-a9d8e14e-2f78-408a-a83c-506939196b52&Prime; body_font_size=\u00a0\u00bb18px\u00a0\u00bb locked=\u00a0\u00bboff\u00a0\u00bb global_colors_info=\u00a0\u00bb{%22gcid-a9d8e14e-2f78-408a-a83c-506939196b52%22:%91%22body_text_color%22%93}\u00a0\u00bb]<\/p>\n<p><span>Utilisez et portez en tout temps un syst\u00e8me appropri\u00e9 de r\u00e9tention de votre \u00e9quipement.<\/span><\/p>\n<p>[\/et_pb_blurb][\/et_pb_column][\/et_pb_row][et_pb_row column_structure=\u00a0\u00bb1_2,1_2&Prime; _builder_version=\u00a0\u00bb4.19.1&Prime; _module_preset=\u00a0\u00bbdefault\u00a0\u00bb global_colors_info=\u00a0\u00bb{}\u00a0\u00bb][et_pb_column type=\u00a0\u00bb1_2&Prime; _builder_version=\u00a0\u00bb4.19.1&Prime; _module_preset=\u00a0\u00bbdefault\u00a0\u00bb global_colors_info=\u00a0\u00bb{}\u00a0\u00bb][et_pb_blurb title=\u00a0\u00bbPas de drogues ni d\u2019alcool\u00a0\u00bb image=\u00a0\u00bbhttps:\/\/petitchamonix.com\/2026\/wp-content\/uploads\/2024\/09\/code-conduite-7.png\u00a0\u00bb image_icon_width=\u00a0\u00bb200%\u00a0\u00bb _builder_version=\u00a0\u00bb4.27.0&Prime; _module_preset=\u00a0\u00bbaf9b17bd-0a63-4b52-a453-8628efd381b4&Prime; header_font_size=\u00a0\u00bb24px\u00a0\u00bb body_text_color=\u00a0\u00bbgcid-a9d8e14e-2f78-408a-a83c-506939196b52&Prime; body_font_size=\u00a0\u00bb18px\u00a0\u00bb locked=\u00a0\u00bboff\u00a0\u00bb global_colors_info=\u00a0\u00bb{%22gcid-a9d8e14e-2f78-408a-a83c-506939196b52%22:%91%22body_text_color%22%93}\u00a0\u00bb]<\/p>\n<p><span>N\u2019utilisez pas les remont\u00e9es m\u00e9caniques ni les pistes si vous \u00eates sous l\u2019influence de drogues ou d\u2019alcool.<\/span><\/p>\n<p>[\/et_pb_blurb][\/et_pb_column][et_pb_column type=\u00a0\u00bb1_2&Prime; _builder_version=\u00a0\u00bb4.27.0&Prime; _module_preset=\u00a0\u00bbdefault\u00a0\u00bb global_colors_info=\u00a0\u00bb{}\u00a0\u00bb][et_pb_blurb title=\u00a0\u00bbRespectez la signalisation\u00a0\u00bb image=\u00a0\u00bbhttps:\/\/petitchamonix.com\/2026\/wp-content\/uploads\/2024\/09\/code-conduite-8.png\u00a0\u00bb image_icon_width=\u00a0\u00bb200%\u00a0\u00bb _builder_version=\u00a0\u00bb4.27.0&Prime; _module_preset=\u00a0\u00bbaf9b17bd-0a63-4b52-a453-8628efd381b4&Prime; header_font_size=\u00a0\u00bb24px\u00a0\u00bb body_text_color=\u00a0\u00bbgcid-a9d8e14e-2f78-408a-a83c-506939196b52&Prime; body_font_size=\u00a0\u00bb18px\u00a0\u00bb locked=\u00a0\u00bboff\u00a0\u00bb global_colors_info=\u00a0\u00bb{%22gcid-a9d8e14e-2f78-408a-a83c-506939196b52%22:%91%22body_text_color%22%93}\u00a0\u00bb]<\/p>\n<p><span>Respectez toute signalisation et avertissement et ne vous aventurez jamais hors piste ou sur des pistes ferm\u00e9es.<\/span><\/p>\n<p>[\/et_pb_blurb][\/et_pb_column][\/et_pb_row][\/et_pb_section][et_pb_section fb_built=\u00a0\u00bb1&Prime; make_equal=\u00a0\u00bbon\u00a0\u00bb use_custom_gutter=\u00a0\u00bbon\u00a0\u00bb gutter_width=\u00a0\u00bb1&Prime; specialty=\u00a0\u00bbon\u00a0\u00bb background_color_2=\u00a0\u00bb#2A2F31&Prime; bg_img_1=\u00a0\u00bbhttps:\/\/petitchamonix.com\/2026\/wp-content\/uploads\/2024\/09\/CarteChamo2020.jpeg\u00a0\u00bb background_size_1=\u00a0\u00bbcontain\u00a0\u00bb background_position_1=\u00a0\u00bbcenter\u00a0\u00bb padding_top_2=\u00a0\u00bb8%\u00a0\u00bb padding_right_2=\u00a0\u00bb8%\u00a0\u00bb padding_bottom_2=\u00a0\u00bb8%\u00a0\u00bb padding_left_2=\u00a0\u00bb8%\u00a0\u00bb padding_top_bottom_link_2=\u00a0\u00bbtrue\u00a0\u00bb padding_left_right_link_2=\u00a0\u00bbtrue\u00a0\u00bb admin_label=\u00a0\u00bbStats\u00a0\u00bb _builder_version=\u00a0\u00bb4.27.2&Prime; _dynamic_attributes=\u00a0\u00bblink_option_url\u00a0\u00bb _module_preset=\u00a0\u00bbdefault\u00a0\u00bb background_color=\u00a0\u00bb#212121&Prime; inner_width=\u00a0\u00bb100%\u00a0\u00bb inner_max_width=\u00a0\u00bbnone\u00a0\u00bb custom_padding=\u00a0\u00bb0px||0px||true|false\u00a0\u00bb link_option_url=\u00a0\u00bb@ET-DC@eyJkeW5hbWljIjp0cnVlLCJjb250ZW50IjoicG9zdF9saW5rX3VybF9hdHRhY2htZW50Iiwic2V0dGluZ3MiOnsicG9zdF9pZCI6IjEzNiJ9fQ==@\u00a0\u00bb collapsed=\u00a0\u00bbon\u00a0\u00bb global_colors_info=\u00a0\u00bb{}\u00a0\u00bb][et_pb_column type=\u00a0\u00bb1_2&Prime; _builder_version=\u00a0\u00bb4.16&Prime; _module_preset=\u00a0\u00bbdefault\u00a0\u00bb custom_padding=\u00a0\u00bb|||\u00a0\u00bb global_colors_info=\u00a0\u00bb{}\u00a0\u00bb custom_padding__hover=\u00a0\u00bb|||\u00a0\u00bb][et_pb_divider show_divider=\u00a0\u00bboff\u00a0\u00bb _builder_version=\u00a0\u00bb4.19.1&Prime; _module_preset=\u00a0\u00bbdefault\u00a0\u00bb height_tablet=\u00a0\u00bb40vw\u00a0\u00bb height_phone=\u00a0\u00bb40vw\u00a0\u00bb height_last_edited=\u00a0\u00bbon|tablet\u00a0\u00bb locked=\u00a0\u00bboff\u00a0\u00bb global_colors_info=\u00a0\u00bb{}\u00a0\u00bb][\/et_pb_divider][\/et_pb_column][et_pb_column type=\u00a0\u00bb1_2&Prime; specialty_columns=\u00a0\u00bb2&Prime; _builder_version=\u00a0\u00bb4.16&Prime; _module_preset=\u00a0\u00bbdefault\u00a0\u00bb custom_padding=\u00a0\u00bb|||\u00a0\u00bb global_colors_info=\u00a0\u00bb{}\u00a0\u00bb custom_padding__hover=\u00a0\u00bb|||\u00a0\u00bb][et_pb_row_inner _builder_version=\u00a0\u00bb4.21.0&Prime; _module_preset=\u00a0\u00bbdefault\u00a0\u00bb width=\u00a0\u00bb100%\u00a0\u00bb custom_padding=\u00a0\u00bb||0px||false|false\u00a0\u00bb global_colors_info=\u00a0\u00bb{}\u00a0\u00bb][et_pb_column_inner saved_specialty_column_type=\u00a0\u00bb1_2&Prime; _builder_version=\u00a0\u00bb4.19.2&Prime; _module_preset=\u00a0\u00bbdefault\u00a0\u00bb global_colors_info=\u00a0\u00bb{}\u00a0\u00bb][et_pb_text _builder_version=\u00a0\u00bb4.27.5&Prime; _module_preset=\u00a0\u00bba0c1f08d-e0e1-4074-a0c8-c8de05fff440&Prime; text_font=\u00a0\u00bb||||||||\u00a0\u00bb text_font_size=\u00a0\u00bb15px\u00a0\u00bb background_layout=\u00a0\u00bbdark\u00a0\u00bb width=\u00a0\u00bb100%\u00a0\u00bb custom_margin=\u00a0\u00bb-72px||10px||false|false\u00a0\u00bb custom_padding=\u00a0\u00bb|||0px||\u00a0\u00bb locked=\u00a0\u00bboff\u00a0\u00bb global_colors_info=\u00a0\u00bb{}\u00a0\u00bb]<\/p>\n<h2 style=\"text-align: center;\"><strong>Horaire r\u00e9gulier<\/strong><\/h2>\n<p style=\"text-align: center;\">Nous sommes ouverts toutes les fins de semaine \u00e0 partir du 04 janvier 2026.<\/p>\n<p style=\"text-align: center;\"><strong>Janvier<\/strong><br \/>Samedi : 10h \u00e0 15h30<br \/>Dimanche : 10h \u00e0 15h30<\/p>\n<p style=\"text-align: center;\"><strong>F\u00e9vrier<br \/><\/strong>Samedi : 10h \u00e0 16h<br \/>Dimanche : 10h \u00e0 16h<br \/>Ski de soir\u00e9e\u00a0 : 14 f\u00e9vrier 2026 de 18h \u00e0 21h<\/p>\n<p style=\"text-align: center;\"><strong>Mars<br \/><\/strong>Samedi : 10h \u00e0 16h<br \/>Dimanche : 10h \u00e0 16h<\/p>\n<p>[\/et_pb_text][\/et_pb_column_inner][\/et_pb_row_inner][et_pb_row_inner _builder_version=\u00a0\u00bb4.21.0&Prime; _module_preset=\u00a0\u00bbdefault\u00a0\u00bb custom_margin_tablet=\u00a0\u00bb||60px||false|false\u00a0\u00bb custom_margin_phone=\u00a0\u00bb||60px||false|false\u00a0\u00bb custom_margin_last_edited=\u00a0\u00bbon|phone\u00a0\u00bb global_colors_info=\u00a0\u00bb{}\u00a0\u00bb][et_pb_column_inner saved_specialty_column_type=\u00a0\u00bb1_2&Prime; _builder_version=\u00a0\u00bb4.19.2&Prime; _module_preset=\u00a0\u00bbdefault\u00a0\u00bb global_colors_info=\u00a0\u00bb{}\u00a0\u00bb][et_pb_text _builder_version=\u00a0\u00bb4.27.5&Prime; _module_preset=\u00a0\u00bbb5b8c34d-4b5e-4402-89ed-dc051f6d3df2&Prime; header_2_font_size=\u00a0\u00bb32px\u00a0\u00bb background_layout=\u00a0\u00bbdark\u00a0\u00bb custom_margin=\u00a0\u00bb||30px||false|false\u00a0\u00bb locked=\u00a0\u00bboff\u00a0\u00bb global_colors_info=\u00a0\u00bb{}\u00a0\u00bb]<\/p>\n<h2 style=\"text-align: center;\"><strong>P\u00e9riode des f\u00eates<\/strong><\/h2>\n<p style=\"text-align: center;\">Ouverture en fonction des conditions de neige.<\/p>\n<h2 style=\"text-align: center;\"><\/h2>\n<h2 style=\"text-align: center;\"><strong>Journ\u00e9es p\u00e9dagogiques\u00a0<\/strong><\/h2>\n<p style=\"text-align: center;\">Informations \u00e0 venir\u00a0<\/p>\n<h2 style=\"text-align: center;\"><strong>Semaine de rel\u00e2che<\/strong><\/h2>\n<p style=\"text-align: center;\">Informations \u00e0 venir<\/p>\n<p>[\/et_pb_text][\/et_pb_column_inner][\/et_pb_row_inner][\/et_pb_column][\/et_pb_section]<\/p>\n","protected":false},"excerpt":{"rendered":"<p>La montagneDonn\u00e9es techniquesLa montagne propose 13 pistes, dont deux parcs \u00e0 neige pour les amateurs et amatrices de rampes et modules, en plus des minis modules pour les 2 \u00e0 6 ans. Orient\u00e9e sud-est, elle b\u00e9n\u00e9ficie d&rsquo;un ensoleillement optimal pour profiter des conditions de glisse. Les pistes sont adapt\u00e9es \u00e0 tous les niveaux avec trois [&hellip;]<\/p>\n","protected":false},"author":1,"featured_media":0,"parent":0,"menu_order":0,"comment_status":"closed","ping_status":"closed","template":"","meta":{"_et_pb_use_builder":"on","_et_pb_old_content":"","_et_gb_content_width":"","footnotes":""},"class_list":["post-108","page","type-page","status-publish","hentry"],"_links":{"self":[{"href":"https:\/\/petitchamonix.com\/2026\/wp-json\/wp\/v2\/pages\/108","targetHints":{"allow":["GET"]}}],"collection":[{"href":"https:\/\/petitchamonix.com\/2026\/wp-json\/wp\/v2\/pages"}],"about":[{"href":"https:\/\/petitchamonix.com\/2026\/wp-json\/wp\/v2\/types\/page"}],"author":[{"embeddable":true,"href":"https:\/\/petitchamonix.com\/2026\/wp-json\/wp\/v2\/users\/1"}],"replies":[{"embeddable":true,"href":"https:\/\/petitchamonix.com\/2026\/wp-json\/wp\/v2\/comments?post=108"}],"version-history":[{"count":7,"href":"https:\/\/petitchamonix.com\/2026\/wp-json\/wp\/v2\/pages\/108\/revisions"}],"predecessor-version":[{"id":1041,"href":"https:\/\/petitchamonix.com\/2026\/wp-json\/wp\/v2\/pages\/108\/revisions\/1041"}],"wp:attachment":[{"href":"https:\/\/petitchamonix.com\/2026\/wp-json\/wp\/v2\/media?parent=108"}],"curies":[{"name":"wp","href":"https:\/\/api.w.org\/{rel}","templated":true}]}}