{"id":379,"date":"2024-09-19T23:19:23","date_gmt":"2024-09-20T03:19:23","guid":{"rendered":"https:\/\/staging.mxnumerique.ca\/?page_id=379"},"modified":"2026-02-08T00:21:34","modified_gmt":"2026-02-08T05:21:34","slug":"ecole-de-glisse","status":"publish","type":"page","link":"https:\/\/petitchamonix.com\/2026\/ecole-de-glisse\/","title":{"rendered":"\u00c9cole de glisse"},"content":{"rendered":"<p>[et_pb_section fb_built=\u00a0\u00bb1&Prime; admin_label=\u00a0\u00bbHeader\u00a0\u00bb _builder_version=\u00a0\u00bb4.27.0&Prime; _module_preset=\u00a0\u00bbdefault\u00a0\u00bb background_image=\u00a0\u00bbhttps:\/\/petitchamonix.com\/2026\/wp-content\/uploads\/2024\/09\/ecole-de-glisse-_bannniere.png\u00a0\u00bb custom_padding=\u00a0\u00bb8vw||0px||false|false\u00a0\u00bb collapsed=\u00a0\u00bbon\u00a0\u00bb global_colors_info=\u00a0\u00bb{}\u00a0\u00bb][et_pb_row custom_padding_last_edited=\u00a0\u00bbon|desktop\u00a0\u00bb _builder_version=\u00a0\u00bb4.27.2&Prime; _module_preset=\u00a0\u00bbdefault\u00a0\u00bb background_color=\u00a0\u00bbgcid-a9d8e14e-2f78-408a-a83c-506939196b52&Prime; background_image=\u00a0\u00bbhttps:\/\/petitchamonix.com\/2026\/wp-content\/uploads\/2025\/12\/header-2-3-scaled.png\u00a0\u00bb background_position=\u00a0\u00bbbottom_center\u00a0\u00bb custom_padding=\u00a0\u00bb32px|60px|32px|120px|true|false\u00a0\u00bb custom_padding_tablet=\u00a0\u00bb30px|30px|30px|60px|true|false\u00a0\u00bb custom_padding_phone=\u00a0\u00bb20px|20px|20px|40px|true|false\u00a0\u00bb border_radii=\u00a0\u00bboff|30px|30px||\u00a0\u00bb global_colors_info=\u00a0\u00bb{%22gcid-a9d8e14e-2f78-408a-a83c-506939196b52%22:%91%22background_color%22%93}\u00a0\u00bb][et_pb_column type=\u00a0\u00bb4_4&Prime; _builder_version=\u00a0\u00bb4.22.1&Prime; _module_preset=\u00a0\u00bbdefault\u00a0\u00bb global_colors_info=\u00a0\u00bb{}\u00a0\u00bb][et_pb_text _builder_version=\u00a0\u00bb4.27.2&Prime; _module_preset=\u00a0\u00bb34e12325-0b52-4f8b-bf02-9c6593ab45d9&Prime; header_font=\u00a0\u00bb|700||||on|||\u00a0\u00bb header_text_color=\u00a0\u00bb#FFFFFF\u00a0\u00bb global_colors_info=\u00a0\u00bb{}\u00a0\u00bb]<\/p>\n<h1 class=\"page-title\" style=\"text-align: center;\">\u00c9cole de Glisse<\/h1>\n<p>[\/et_pb_text][\/et_pb_column][\/et_pb_row][\/et_pb_section][et_pb_section fb_built=\u00a0\u00bb1&Prime; admin_label=\u00a0\u00bbFeatures\u00a0\u00bb _builder_version=\u00a0\u00bb4.27.2&Prime; _module_preset=\u00a0\u00bbdefault\u00a0\u00bb use_background_color_gradient=\u00a0\u00bbon\u00a0\u00bb background_color_gradient_direction=\u00a0\u00bb90deg\u00a0\u00bb background_color_gradient_stops=\u00a0\u00bbgcid-a9d8e14e-2f78-408a-a83c-506939196b52 50%|#000000 50%\u00a0\u00bb custom_padding=\u00a0\u00bb0px||0px||true|false\u00a0\u00bb border_width_all=\u00a0\u00bb4px\u00a0\u00bb border_color_all=\u00a0\u00bb#FFFFFF\u00a0\u00bb collapsed=\u00a0\u00bbon\u00a0\u00bb global_colors_info=\u00a0\u00bb{}\u00a0\u00bb][et_pb_row column_structure=\u00a0\u00bb1_3,1_3,1_3&Prime; use_custom_gutter=\u00a0\u00bbon\u00a0\u00bb gutter_width=\u00a0\u00bb1&Prime; make_equal=\u00a0\u00bbon\u00a0\u00bb _builder_version=\u00a0\u00bb4.27.5&Prime; _module_preset=\u00a0\u00bbdefault\u00a0\u00bb background_color=\u00a0\u00bb#96B438&Prime; width=\u00a0\u00bb91%\u00a0\u00bb custom_padding=\u00a0\u00bb0px||0px||true|false\u00a0\u00bb global_colors_info=\u00a0\u00bb{}\u00a0\u00bb][et_pb_column type=\u00a0\u00bb1_3&Prime; _builder_version=\u00a0\u00bb4.27.5&Prime; _module_preset=\u00a0\u00bbdefault\u00a0\u00bb background_color=\u00a0\u00bbgcid-a9d8e14e-2f78-408a-a83c-506939196b52&Prime; custom_padding=\u00a0\u00bb50px|50px|50px||true|false\u00a0\u00bb custom_padding_tablet=\u00a0\u00bb30px|30px|30px|30px|true|true\u00a0\u00bb custom_padding_phone=\u00a0\u00bb20px|20px|20px|20px|true|true\u00a0\u00bb custom_padding_last_edited=\u00a0\u00bbon|tablet\u00a0\u00bb global_colors_info=\u00a0\u00bb{%22gcid-a9d8e14e-2f78-408a-a83c-506939196b52%22:%91%22background_color%22%93}\u00a0\u00bb][et_pb_blurb title=\u00a0\u00bbCours d&rsquo;initiation \u00a0\u00bb url_new_window=\u00a0\u00bbon\u00a0\u00bb use_icon=\u00a0\u00bbon\u00a0\u00bb font_icon=\u00a0\u00bb&#xf4c4;||fa||900&Prime; _builder_version=\u00a0\u00bb4.27.5&Prime; _module_preset=\u00a0\u00bb27da08dd-0ede-43fc-9c4a-f735abddb670&Prime; header_font=\u00a0\u00bbSource Sans Pro|600||||on|||\u00a0\u00bb header_font_size=\u00a0\u00bb30px\u00a0\u00bb text_orientation=\u00a0\u00bbcenter\u00a0\u00bb locked=\u00a0\u00bboff\u00a0\u00bb global_colors_info=\u00a0\u00bb{}\u00a0\u00bb][\/et_pb_blurb][\/et_pb_column][et_pb_column type=\u00a0\u00bb1_3&Prime; _builder_version=\u00a0\u00bb4.27.5&Prime; _module_preset=\u00a0\u00bbdefault\u00a0\u00bb background_color=\u00a0\u00bb#96B438&Prime; custom_padding=\u00a0\u00bb50px|50px|50px|50px|true|true\u00a0\u00bb custom_padding_tablet=\u00a0\u00bb30px|30px|30px|30px|true|true\u00a0\u00bb custom_padding_phone=\u00a0\u00bb20px|20px|20px|20px|true|true\u00a0\u00bb custom_padding_last_edited=\u00a0\u00bbon|tablet\u00a0\u00bb link_option_url_new_window=\u00a0\u00bbon\u00a0\u00bb global_colors_info=\u00a0\u00bb{}\u00a0\u00bb][et_pb_blurb title=\u00a0\u00bbCours priv\u00e9(s)\u00a0\u00bb use_icon=\u00a0\u00bbon\u00a0\u00bb font_icon=\u00a0\u00bb&#xf666;||fa||900&Prime; _builder_version=\u00a0\u00bb4.27.5&Prime; _module_preset=\u00a0\u00bb27da08dd-0ede-43fc-9c4a-f735abddb670&Prime; header_font=\u00a0\u00bbSource Sans Pro|600||||on|||\u00a0\u00bb header_font_size=\u00a0\u00bb30px\u00a0\u00bb text_orientation=\u00a0\u00bbcenter\u00a0\u00bb locked=\u00a0\u00bboff\u00a0\u00bb global_colors_info=\u00a0\u00bb{}\u00a0\u00bb][\/et_pb_blurb][\/et_pb_column][et_pb_column type=\u00a0\u00bb1_3&Prime; _builder_version=\u00a0\u00bb4.27.5&Prime; _module_preset=\u00a0\u00bbdefault\u00a0\u00bb background_color=\u00a0\u00bb#000000&Prime; custom_padding=\u00a0\u00bb50px||50px|50px|true|false\u00a0\u00bb custom_padding_tablet=\u00a0\u00bb30px|30px|30px|30px|true|true\u00a0\u00bb custom_padding_phone=\u00a0\u00bb20px|20px|20px|20px|true|true\u00a0\u00bb custom_padding_last_edited=\u00a0\u00bbon|tablet\u00a0\u00bb link_option_url_new_window=\u00a0\u00bbon\u00a0\u00bb global_colors_info=\u00a0\u00bb{}\u00a0\u00bb][et_pb_blurb title=\u00a0\u00bbCombo bambin\u00a0\u00bb use_icon=\u00a0\u00bbon\u00a0\u00bb font_icon=\u00a0\u00bb&#xf091;||fa||900&Prime; _builder_version=\u00a0\u00bb4.27.5&Prime; _module_preset=\u00a0\u00bb27da08dd-0ede-43fc-9c4a-f735abddb670&Prime; header_font=\u00a0\u00bbSource Sans Pro|600||||on|||\u00a0\u00bb header_font_size=\u00a0\u00bb30px\u00a0\u00bb text_orientation=\u00a0\u00bbcenter\u00a0\u00bb locked=\u00a0\u00bboff\u00a0\u00bb global_colors_info=\u00a0\u00bb{}\u00a0\u00bb][\/et_pb_blurb][\/et_pb_column][\/et_pb_row][\/et_pb_section][et_pb_section fb_built=\u00a0\u00bb1&Prime; _builder_version=\u00a0\u00bb4.27.5&Prime; _module_preset=\u00a0\u00bbdefault\u00a0\u00bb min_height=\u00a0\u00bb220.4px\u00a0\u00bb custom_padding=\u00a0\u00bb||1px|||\u00a0\u00bb global_colors_info=\u00a0\u00bb{}\u00a0\u00bb][et_pb_row use_custom_gutter=\u00a0\u00bbon\u00a0\u00bb _builder_version=\u00a0\u00bb4.27.5&Prime; _module_preset=\u00a0\u00bbdefault\u00a0\u00bb module_alignment=\u00a0\u00bbcenter\u00a0\u00bb custom_padding=\u00a0\u00bb||3px|||\u00a0\u00bb filter_saturate=\u00a0\u00bb115%\u00a0\u00bb global_colors_info=\u00a0\u00bb{}\u00a0\u00bb][et_pb_column type=\u00a0\u00bb4_4&Prime; _builder_version=\u00a0\u00bb4.27.5&Prime; _module_preset=\u00a0\u00bbdefault\u00a0\u00bb global_colors_info=\u00a0\u00bb{}\u00a0\u00bb][et_pb_heading title=\u00a0\u00bbSAISON 2025-2026 : Seul le service de cours en planche \u00e0 neige est disponible pour la saison ! S&rsquo;il vous pla\u00eet, communiquez avec nous pour prendre rendez-vous au moins 24h \u00e0 l&rsquo;avance ! \u00a0\u00bb _builder_version=\u00a0\u00bb4.27.5&Prime; _module_preset=\u00a0\u00bbdefault\u00a0\u00bb background_color=\u00a0\u00bb#EDF000&Prime; text_shadow_style=\u00a0\u00bbpreset1&Prime; global_colors_info=\u00a0\u00bb{}\u00a0\u00bb][\/et_pb_heading][\/et_pb_column][\/et_pb_row][\/et_pb_section][et_pb_section fb_built=\u00a0\u00bb1&Prime; admin_label=\u00a0\u00bbAbout\u00a0\u00bb _builder_version=\u00a0\u00bb4.19.1&Prime; _module_preset=\u00a0\u00bbdefault\u00a0\u00bb custom_padding=\u00a0\u00bb0px|||||\u00a0\u00bb collapsed=\u00a0\u00bbon\u00a0\u00bb global_colors_info=\u00a0\u00bb{}\u00a0\u00bb][et_pb_row _builder_version=\u00a0\u00bb4.27.0&Prime; _module_preset=\u00a0\u00bbdefault\u00a0\u00bb max_width=\u00a0\u00bb926px\u00a0\u00bb global_colors_info=\u00a0\u00bb{}\u00a0\u00bb column_structure=\u00a0\u00bb1_2,1_2&Prime;][et_pb_column type=\u00a0\u00bb1_2&Prime; _builder_version=\u00a0\u00bb4.19.1&Prime; _module_preset=\u00a0\u00bbdefault\u00a0\u00bb global_colors_info=\u00a0\u00bb{}\u00a0\u00bb][et_pb_text _builder_version=\u00a0\u00bb4.27.5&Prime; _module_preset=\u00a0\u00bba696c08d-9b76-4078-b183-dc2f8320aa04&Prime; custom_padding=\u00a0\u00bb35px|||||\u00a0\u00bb link_option_url=\u00a0\u00bbmaito:info@petitchamonix.com\u00a0\u00bb global_colors_info=\u00a0\u00bb{}\u00a0\u00bb]<\/p>\n<p>Nous vous offrons la possibilit\u00e9 d\u2019apprendre \u00e0 skier ou \u00e0 faire de la planche \u00e0 neige. Voici ce que notre \u00e9cole de glisse vous propose:<\/p>\n<h2 class=\"wp-block-heading\">Iniski, Iniplanche\u00a0\u00a0<\/h2>\n<ul class=\"wp-block-list\">\n<li>65$ + tx \/ personne<\/li>\n<li>Billet de journ\u00e9e inclus<\/li>\n<li>Location d\u2019\u00e9quipement complet pour la journ\u00e9e incluse<\/li>\n<li>Un cours de 1h00<\/li>\n<li>R\u00e9servation obligatoire minimum 24 heures \u00e0 l\u2019avance.<\/li>\n<\/ul>\n<h2 class=\"wp-block-heading\">Cours priv\u00e9<\/h2>\n<h3 class=\"wp-block-heading\">Pour s\u2019initier ou se perfectionner<\/h3>\n<ul class=\"wp-block-list\">\n<li>30,50$ + tx pour 1h00<\/li>\n<li>17$ + tx par personne additionnelle<\/li>\n<li>R\u00e9servation obligatoire minimum 24 heures \u00e0 l\u2019avance<\/li>\n<\/ul>\n<h3 class=\"wp-block-heading\"><\/h3>\n<h2 class=\"wp-block-heading\">Combo Bambin<\/h2>\n<ul class=\"wp-block-list\">\n<li>35,45$ + tx pour 1h00 de cours priv\u00e9<\/li>\n<li>Location d\u2019\u00e9quipement complet pour 1h00 incluse<\/li>\n<li>R\u00e9servation obligatoire minimum 24 heures \u00e0 l\u2019avance<\/li>\n<\/ul>\n<p>Pour r\u00e9server votre cours,<span>\u00a0<\/span><a href=\"https:\/\/petitchamonix.com\/2026\/contact\/\">contactez-nous<\/a><span>\u00a0<\/span>24 heure \u00e0 l\u2019avance s.v.p.<\/p>\n<p>Pour la location d\u2019\u00e9quipement uniquement, consulter les tarifs<a href=\"https:\/\/petitchamonix.com\/2026\/location-dequipements\/\"><span>\u00a0<\/span>ici.<\/a><\/p>\n<p>[\/et_pb_text][\/et_pb_column][et_pb_column type=\u00a0\u00bb1_2&Prime; _builder_version=\u00a0\u00bb4.19.1&Prime; _module_preset=\u00a0\u00bbdefault\u00a0\u00bb global_colors_info=\u00a0\u00bb{}\u00a0\u00bb][et_pb_text _builder_version=\u00a0\u00bb4.27.5&Prime; _module_preset=\u00a0\u00bba696c08d-9b76-4078-b183-dc2f8320aa04&Prime; custom_padding=\u00a0\u00bb0px|||||\u00a0\u00bb link_option_url=\u00a0\u00bbmaito:info@petitchamonix.com\u00a0\u00bb hover_enabled=\u00a0\u00bb0&Prime; global_colors_info=\u00a0\u00bb{}\u00a0\u00bb background_color=\u00a0\u00bb#FC9569&Prime; sticky_enabled=\u00a0\u00bb0&Prime;]<\/p>\n<h2 style=\"text-align: right;\">\u00a0<strong>Saison 2025-2026<\/strong><\/h2>\n<p><strong><\/strong><\/p>\n<p style=\"text-align: right;\"><span style=\"font-size: 16px;\">INISKI NON DISPONIBLE<br \/><\/span><span style=\"font-size: 16px;\">COURS PRIV\u00c9 EN PLANCHE \u00c0 NEIGE<br \/>COMBO BAMBIN EN PLANCHE \u00c0 NEIGE<\/span><\/p>\n<p>[\/et_pb_text][et_pb_image src=\u00a0\u00bbhttps:\/\/petitchamonix.com\/2026\/wp-content\/uploads\/2026\/02\/IMG_4723-2-scaled.jpg\u00a0\u00bb _builder_version=\u00a0\u00bb4.27.5&Prime; _module_preset=\u00a0\u00bbdefault\u00a0\u00bb title_text=\u00a0\u00bbIMG_4723 2&Prime; hover_enabled=\u00a0\u00bb0&Prime; sticky_enabled=\u00a0\u00bb0&Prime;][\/et_pb_image][\/et_pb_column][\/et_pb_row][et_pb_row _builder_version=\u00a0\u00bb4.27.0&Prime; _module_preset=\u00a0\u00bbdefault\u00a0\u00bb global_colors_info=\u00a0\u00bb{}\u00a0\u00bb][et_pb_column type=\u00a0\u00bb4_4&Prime; _builder_version=\u00a0\u00bb4.27.0&Prime; _module_preset=\u00a0\u00bbdefault\u00a0\u00bb global_colors_info=\u00a0\u00bb{}\u00a0\u00bb][et_pb_image src=\u00a0\u00bbhttps:\/\/petitchamonix.com\/2026\/wp-content\/uploads\/2024\/09\/ecole-de-glisse_image-de-lavant-1024&#215;1024-1.png\u00a0\u00bb title_text=\u00a0\u00bbecole-de-glisse_image-de-lavant&#8211;1024&#215;1024&Prime; _builder_version=\u00a0\u00bb4.27.0&Prime; _module_preset=\u00a0\u00bbdefault\u00a0\u00bb border_radii=\u00a0\u00bbon|30px|30px|30px|30px\u00a0\u00bb global_colors_info=\u00a0\u00bb{}\u00a0\u00bb][\/et_pb_image][\/et_pb_column][\/et_pb_row][\/et_pb_section]<\/p>\n","protected":false},"excerpt":{"rendered":"<p>\u00c9cole de GlisseNous vous offrons la possibilit\u00e9 d\u2019apprendre \u00e0 skier ou \u00e0 faire de la planche \u00e0 neige. Voici ce que notre \u00e9cole de glisse vous propose: Iniski, Iniplanche\u00a0\u00a0 65$ + tx \/ personne Billet de journ\u00e9e inclus Location d\u2019\u00e9quipement complet pour la journ\u00e9e incluse Un cours de 1h00 R\u00e9servation obligatoire minimum 24 heures \u00e0 [&hellip;]<\/p>\n","protected":false},"author":1,"featured_media":0,"parent":0,"menu_order":0,"comment_status":"closed","ping_status":"closed","template":"","meta":{"_et_pb_use_builder":"on","_et_pb_old_content":"","_et_gb_content_width":"","footnotes":""},"class_list":["post-379","page","type-page","status-publish","hentry"],"_links":{"self":[{"href":"https:\/\/petitchamonix.com\/2026\/wp-json\/wp\/v2\/pages\/379","targetHints":{"allow":["GET"]}}],"collection":[{"href":"https:\/\/petitchamonix.com\/2026\/wp-json\/wp\/v2\/pages"}],"about":[{"href":"https:\/\/petitchamonix.com\/2026\/wp-json\/wp\/v2\/types\/page"}],"author":[{"embeddable":true,"href":"https:\/\/petitchamonix.com\/2026\/wp-json\/wp\/v2\/users\/1"}],"replies":[{"embeddable":true,"href":"https:\/\/petitchamonix.com\/2026\/wp-json\/wp\/v2\/comments?post=379"}],"version-history":[{"count":9,"href":"https:\/\/petitchamonix.com\/2026\/wp-json\/wp\/v2\/pages\/379\/revisions"}],"predecessor-version":[{"id":1054,"href":"https:\/\/petitchamonix.com\/2026\/wp-json\/wp\/v2\/pages\/379\/revisions\/1054"}],"wp:attachment":[{"href":"https:\/\/petitchamonix.com\/2026\/wp-json\/wp\/v2\/media?parent=379"}],"curies":[{"name":"wp","href":"https:\/\/api.w.org\/{rel}","templated":true}]}}